{"id":1893,"date":"2013-10-21T21:58:04","date_gmt":"2013-10-21T21:58:04","guid":{"rendered":"http:\/\/themeforest.unitedthemes.com\/wpversions\/brooklyn\/xml\/demo10\/?page_id=1893"},"modified":"2018-04-18T15:46:35","modified_gmt":"2018-04-18T13:46:35","slug":"domainedactivites","status":"publish","type":"page","link":"https:\/\/www.davidrosa-avocat.ch\/pt\/domainedactivites\/","title":{"rendered":"\u00c1REAS DE ACTIVIDADE"},"content":{"rendered":"<p>[vc_row][vc_column width=&#8221;3\/3&#8243;]<div class=\"wpb_content_element \"><style type=\"text\/css\" scoped>#ut_header_69ee02bc0cc23 h2 span { background:#FFF; }<\/style><header id=\"ut_header_69ee02bc0cc23\" class=\"section-header pt-style-1 header-center\"><h2 class=\"section-title\"><span>Direito civil<\/span><\/h2><div class=\"lead\"><p>O direito civil \u00e9 um ramo do direito privado que rege as rela\u00e7\u00f5es entre as pessoas, sejam elas pessoas f\u00edsicas ou empresas.<\/p>\n<\/div><\/header><\/div>[vc_message style=&#8221;square&#8221; message_box_color=&#8221;grey&#8221; icon_type=&#8221;openiconic&#8221; icon_openiconic=&#8221;vc-oi vc-oi-info&#8221;]O direito civil \u00e9 um ramo do direito privado que rege as rela\u00e7\u00f5es entre as pessoas, sejam elas pessoas f\u00edsicas ou empresas.[\/vc_message][\/vc_column][vc_column width=&#8221;1\/3&#8243;]<div class=\"wpb_content_element \"><div id=\"utbx_o_69ee02bc0ce6b\" class=\"ut-service-icon-box  clearfix  ut-service-icon-box-center\"><style type=\"text\/css\" scoped>#utbx_69ee02bc0ce2f { background:#fda527; }#utbx_69ee02bc0ce2f:hover { background: #fda527; } #utbx_69ee02bc0ce2f:after { box-shadow: 0 0 0 4px #fda527; } #utbx_o_69ee02bc0ce6b h3 { color:#000000 !important; }#utbx_o_69ee02bc0ce6b p { color:#000000 !important; }#utbx_69ee02bc0ce2f { color:#ffffff; }#utbx_69ee02bc0ce2f:hover { color: #ffffff; } <\/style><div class=\"ut-highlight-icon-wrap ut-highlight-icon-effect\"><a id=\"utbx_69ee02bc0ce2f\" data-id=\"utbx_69ee02bc0ce2f\" data-hovercolor=\"#fda527\"   class=\"ut-highlight-icon fa fa-wpforms\" href=\"#\" target=\"_self\"><\/a><\/div><div class=\"ut-service-icon-box-content\"><h3>Direito das obriga\u00e7\u00f5es<\/h3><p>Direito das sociedades<br \/>\nResponsabilidade civil<\/p>\n<div><\/div>\n<div><\/div>\n<div><\/div><\/div><\/div><\/div>[vc_empty_space height=&#8221;70px&#8221;]<div class=\"wpb_content_element \"><div id=\"utbx_o_69ee02bc0d055\" class=\"ut-service-icon-box  clearfix  ut-service-icon-box-center\"><style type=\"text\/css\" scoped>#utbx_69ee02bc0cfda { background:#fda527; }#utbx_69ee02bc0cfda:hover { background: #fda527; } #utbx_69ee02bc0cfda:after { box-shadow: 0 0 0 4px #fda527; } #utbx_o_69ee02bc0d055 h3 { color:#fda527 !important; }#utbx_o_69ee02bc0d055 p { color:#fda527 !important; }#utbx_69ee02bc0cfda { color:#ffffff; }#utbx_69ee02bc0cfda:hover { color: #ffffff; } <\/style><div class=\"ut-highlight-icon-wrap ut-highlight-icon-effect\"><a id=\"utbx_69ee02bc0cfda\" data-id=\"utbx_69ee02bc0cfda\" data-hovercolor=\"#fda527\"   class=\"ut-highlight-icon fa fa-users\" href=\"#\" target=\"_self\"><\/a><\/div><div class=\"ut-service-icon-box-content\"><h3>Direito de Fam\u00edlia e direitos da Crian\u00e7a<\/h3><p><\/p><\/div><\/div><\/div><div class=\"wpb_content_element \"><div id=\"utbx_o_69ee02bc0d1af\" class=\"ut-service-icon-box  clearfix  ut-service-icon-box-center\"><style type=\"text\/css\" scoped>#utbx_69ee02bc0d173 { background:#fda527; }#utbx_69ee02bc0d173:hover { background: #fda527; } #utbx_69ee02bc0d173:after { box-shadow: 0 0 0 4px #fda527; } #utbx_o_69ee02bc0d1af h3 { color:#000000 !important; }#utbx_o_69ee02bc0d1af p { color:#000000 !important; }#utbx_69ee02bc0d173 { color:#ffffff; }#utbx_69ee02bc0d173:hover { color: #ffffff; } <\/style><div class=\"ut-highlight-icon-wrap ut-highlight-icon-effect\"><a id=\"utbx_69ee02bc0d173\" data-id=\"utbx_69ee02bc0d173\" data-hovercolor=\"#fda527\"   class=\"ut-highlight-icon fa fa-heart-o\" href=\"#\" target=\"_self\"><\/a><\/div><div class=\"ut-service-icon-box-content\"><h3>Direito matrimonial e div\u00f3rcio<\/h3><p><\/p><\/div><\/div><\/div>[\/vc_column][vc_column width=&#8221;1\/3&#8243;]<div class=\"wpb_content_element \"><div id=\"utbx_o_69ee02bc0d2c2\" class=\"ut-service-icon-box  clearfix  ut-service-icon-box-center\"><style type=\"text\/css\" scoped>#utbx_69ee02bc0d286 { background:#fda527; }#utbx_69ee02bc0d286:hover { background: #fda527; } #utbx_69ee02bc0d286:after { box-shadow: 0 0 0 4px #fda527; } #utbx_o_69ee02bc0d2c2 h3 { color:#000000 !important; }#utbx_o_69ee02bc0d2c2 p { color:#000000 !important; }#utbx_69ee02bc0d286 { color:#ffffff; }#utbx_69ee02bc0d286:hover { color: #ffffff; } <\/style><div class=\"ut-highlight-icon-wrap ut-highlight-icon-effect\"><a id=\"utbx_69ee02bc0d286\" data-id=\"utbx_69ee02bc0d286\" data-hovercolor=\"#fda527\"   class=\"ut-highlight-icon fa fa-pencil-square-o\" href=\"#\" target=\"_self\"><\/a><\/div><div class=\"ut-service-icon-box-content\"><h3>Direito dos contratos<\/h3><p>Contrato de venda<br \/>\nContrato de empreitada<br \/>\nContrato de presta\u00e7\u00e3o de servi\u00e7os e neg\u00f3cios<br \/>\nDireito da constru\u00e7\u00e3o<br \/>\nContrato de arrendamento<br \/>\nContrato de trabalho<br \/>\nElabora\u00e7\u00e3o e negocia\u00e7\u00e3o de contratos<\/p><\/div><\/div><\/div><div class=\"wpb_content_element \"><div id=\"utbx_o_69ee02bc0d3c7\" class=\"ut-service-icon-box  clearfix  ut-service-icon-box-center\"><style type=\"text\/css\" scoped>#utbx_69ee02bc0d38d { background:#fda527; }#utbx_69ee02bc0d38d:hover { background: #fda527; } #utbx_69ee02bc0d38d:after { box-shadow: 0 0 0 4px #fda527; } #utbx_o_69ee02bc0d3c7 h3 { color:#fda527 !important; }#utbx_o_69ee02bc0d3c7 p { color:#fda527 !important; }#utbx_69ee02bc0d38d { color:#ffffff; }#utbx_69ee02bc0d38d:hover { color: #ffffff; } <\/style><div class=\"ut-highlight-icon-wrap ut-highlight-icon-effect\"><a id=\"utbx_69ee02bc0d38d\" data-id=\"utbx_69ee02bc0d38d\" data-hovercolor=\"#fda527\"   class=\"ut-highlight-icon fa fa-home\" href=\"#\" target=\"_self\"><\/a><\/div><div class=\"ut-service-icon-box-content\"><h3>Direitos reais, imobili\u00e1rio e vizinhan\u00e7a<\/h3><p><\/p><\/div><\/div><\/div><div class=\"wpb_content_element \"><div id=\"utbx_o_69ee02bc0d4c2\" class=\"ut-service-icon-box  clearfix  ut-service-icon-box-center\"><style type=\"text\/css\" scoped>#utbx_69ee02bc0d488 { background:#fda527; }#utbx_69ee02bc0d488:hover { background: #fda527; } #utbx_69ee02bc0d488:after { box-shadow: 0 0 0 4px #fda527; } #utbx_o_69ee02bc0d4c2 h3 { color:#000000 !important; }#utbx_o_69ee02bc0d4c2 p { color:#000000 !important; }#utbx_69ee02bc0d488 { color:#ffffff; }#utbx_69ee02bc0d488:hover { color: #ffffff; } <\/style><div class=\"ut-highlight-icon-wrap ut-highlight-icon-effect\"><a id=\"utbx_69ee02bc0d488\" data-id=\"utbx_69ee02bc0d488\" data-hovercolor=\"#fda527\"   class=\"ut-highlight-icon fa fa-leaf\" href=\"#\" target=\"_self\"><\/a><\/div><div class=\"ut-service-icon-box-content\"><h3>Direito predial (rural) e agr\u00e1rio (lei agr\u00edcola)<\/h3><p><\/p><\/div><\/div><\/div><div class=\"wpb_content_element \"><div id=\"utbx_o_69ee02bc0d5ba\" class=\"ut-service-icon-box  clearfix  ut-service-icon-box-center\"><style type=\"text\/css\" scoped>#utbx_69ee02bc0d57f { background:#fda527; }#utbx_69ee02bc0d57f:hover { background: #fda527; } #utbx_69ee02bc0d57f:after { box-shadow: 0 0 0 4px #fda527; } #utbx_o_69ee02bc0d5ba h3 { color:#000000 !important; }#utbx_o_69ee02bc0d5ba p { color:#000000 !important; }#utbx_69ee02bc0d57f { color:#ffffff; }#utbx_69ee02bc0d57f:hover { color: #ffffff; } <\/style><div class=\"ut-highlight-icon-wrap ut-highlight-icon-effect\"><a id=\"utbx_69ee02bc0d57f\" data-id=\"utbx_69ee02bc0d57f\" data-hovercolor=\"#fda527\"   class=\"ut-highlight-icon fa fa-retweet\" href=\"#\" target=\"_self\"><\/a><\/div><div class=\"ut-service-icon-box-content\"><h3>Processo Civil<\/h3><p><\/p><\/div><\/div><\/div><div class=\"wpb_content_element \"><style type=\"text\/css\" scoped>#bklyn_btn_69ee02bc0d690 .bklyn-btn { border-width:px; border-radius:px; }<\/style><div id=\"bklyn_cta_69ee02bc0d656\" class=\"bklyn-call-to-action-wrapper\"><div class=\"bklyn-call-to-action-inner clearfix\"><div class=\"bklyn-call-to-action-content\"><\/div><\/div><\/div><\/div>[\/vc_column][vc_column width=&#8221;1\/3&#8243;]<div class=\"wpb_content_element \"><div id=\"utbx_o_69ee02bc0d77e\" class=\"ut-service-icon-box  clearfix  ut-service-icon-box-center\"><style type=\"text\/css\" scoped>#utbx_69ee02bc0d743 { background:#fda527; }#utbx_69ee02bc0d743:hover { background: #fda527; } #utbx_69ee02bc0d743:after { box-shadow: 0 0 0 4px #fda527; } #utbx_o_69ee02bc0d77e h3 { color:#fda527 !important; }#utbx_o_69ee02bc0d77e p { color:#fda527 !important; }#utbx_69ee02bc0d743 { color:#ffffff; }#utbx_69ee02bc0d743:hover { color: #ffffff; } <\/style><div class=\"ut-highlight-icon-wrap ut-highlight-icon-effect\"><a id=\"utbx_69ee02bc0d743\" data-id=\"utbx_69ee02bc0d743\" data-hovercolor=\"#fda527\"   class=\"ut-highlight-icon fa fa-male\" href=\"#\" target=\"_self\"><\/a><\/div><div class=\"ut-service-icon-box-content\"><h3>Direito das pessoas e tutelas<\/h3><p><\/p><\/div><\/div><\/div>[vc_empty_space height=&#8221;130px&#8221;]<div class=\"wpb_content_element \"><div id=\"utbx_o_69ee02bc0d87d\" class=\"ut-service-icon-box  clearfix  ut-service-icon-box-center\"><style type=\"text\/css\" scoped>#utbx_69ee02bc0d842 { background:#fda527; }#utbx_69ee02bc0d842:hover { background: #fda527; } #utbx_69ee02bc0d842:after { box-shadow: 0 0 0 4px #fda527; } #utbx_o_69ee02bc0d87d h3 { color:#fda527 !important; }#utbx_o_69ee02bc0d87d p { color:#fda527 !important; }#utbx_69ee02bc0d842 { color:#ffffff; }#utbx_69ee02bc0d842:hover { color: #ffffff; } <\/style><div class=\"ut-highlight-icon-wrap ut-highlight-icon-effect\"><a id=\"utbx_69ee02bc0d842\" data-id=\"utbx_69ee02bc0d842\" data-hovercolor=\"#fda527\"   class=\"ut-highlight-icon fa fa-exchange\" href=\"#\" target=\"_self\"><\/a><\/div><div class=\"ut-service-icon-box-content\"><h3>Direito das sucess\u00f5es<\/h3><p><\/p><\/div><\/div><\/div><div class=\"wpb_content_element \"><div id=\"utbx_o_69ee02bc0d97d\" class=\"ut-service-icon-box  clearfix  ut-service-icon-box-center\"><style type=\"text\/css\" scoped>#utbx_69ee02bc0d943 { background:#fda527; }#utbx_69ee02bc0d943:hover { background: #fda527; } #utbx_69ee02bc0d943:after { box-shadow: 0 0 0 4px #fda527; } #utbx_o_69ee02bc0d97d h3 { color:#000000 !important; }#utbx_o_69ee02bc0d97d p { color:#000000 !important; }#utbx_69ee02bc0d943 { color:#ffffff; }#utbx_69ee02bc0d943:hover { color: #ffffff; } <\/style><div class=\"ut-highlight-icon-wrap ut-highlight-icon-effect\"><a id=\"utbx_69ee02bc0d943\" data-id=\"utbx_69ee02bc0d943\" data-hovercolor=\"#fda527\"   class=\"ut-highlight-icon fa fa-money\" href=\"#\" target=\"_self\"><\/a><\/div><div class=\"ut-service-icon-box-content\"><h3>Cobran\u00e7a de d\u00edvidas e da insolv\u00eancia (fal\u00eancia)<\/h3><p><\/p><\/div><\/div><\/div>[\/vc_column][\/vc_row][vc_row][vc_column width=&#8221;3\/3&#8243;]<div class=\"wpb_content_element \"><style type=\"text\/css\" scoped>#ut_header_69ee02bc0dc22 h2 span { background:#FFF; }<\/style><header id=\"ut_header_69ee02bc0dc22\" class=\"section-header pt-style-1 header-center\"><h2 class=\"section-title\"><span>Direito penal<\/span><\/h2><div class=\"lead\"><\/p>\n<div style=\"text-align: left;\">O direito penal \u00e9 o ramo do direito que determina as a\u00e7\u00f5es ou condutas punidas atrav\u00e9s de san\u00e7\u00f5es chamadas infra\u00e7\u00f5es.<\/div>\n<p>\n<\/div><\/header><\/div>[vc_message style=&#8221;square&#8221; message_box_color=&#8221;grey&#8221; icon_type=&#8221;openiconic&#8221; icon_openiconic=&#8221;vc-oi vc-oi-info&#8221;]O direito penal \u00e9 o ramo do direito que determina as a\u00e7\u00f5es ou condutas punidas atrav\u00e9s de san\u00e7\u00f5es chamadas infra\u00e7\u00f5es.<br \/>\nEle controla o relacionamento entre o Estado e os indiv\u00edduos. Atrav\u00e9s das san\u00e7\u00f5es aplicadas, a sociedade pune comportamentos listados principalmente no C\u00f3digo Penal Su\u00ed\u00e7o e que representam um perigo para o funcionamento social.<br \/>\nO direito penal contribui assim para a manuten\u00e7\u00e3o da ordem p\u00fablica, protege os valores e os bens jur\u00eddicos em nossa sociedade.<br \/>\n[\/vc_message][\/vc_column][vc_column width=&#8221;1\/3&#8243;]<div class=\"wpb_content_element \"><div id=\"utbx_o_69ee02bc0dd5a\" class=\"ut-service-icon-box  clearfix  ut-service-icon-box-center\"><style type=\"text\/css\" scoped>#utbx_69ee02bc0dd1f { background:#fda527; }#utbx_69ee02bc0dd1f:hover { background: #fda527; } #utbx_69ee02bc0dd1f:after { box-shadow: 0 0 0 4px #fda527; } #utbx_o_69ee02bc0dd5a h3 { color:#fda527 !important; }#utbx_o_69ee02bc0dd5a p { color:#fda527 !important; }#utbx_69ee02bc0dd1f { color:#ffffff; }#utbx_69ee02bc0dd1f:hover { color: #ffffff; } <\/style><div class=\"ut-highlight-icon-wrap ut-highlight-icon-effect\"><a id=\"utbx_69ee02bc0dd1f\" data-id=\"utbx_69ee02bc0dd1f\" data-hovercolor=\"#fda527\"   class=\"ut-highlight-icon fa fa-car\" href=\"#\" target=\"_self\"><\/a><\/div><div class=\"ut-service-icon-box-content\"><h3>Direito de circula\u00e7\u00e3o rodovi\u00e1ria<\/h3><p><\/p><\/div><\/div><\/div>[\/vc_column][vc_column width=&#8221;1\/3&#8243;]<div class=\"wpb_content_element \"><div id=\"utbx_o_69ee02bc0de2c\" class=\"ut-service-icon-box  clearfix  ut-service-icon-box-center\"><style type=\"text\/css\" scoped>#utbx_69ee02bc0ddf4 { background:#fda527; }#utbx_69ee02bc0ddf4:hover { background: #fda527; } #utbx_69ee02bc0ddf4:after { box-shadow: 0 0 0 4px #fda527; } #utbx_o_69ee02bc0de2c h3 { color:#000000 !important; }#utbx_o_69ee02bc0de2c p { color:#000000 !important; }#utbx_69ee02bc0ddf4 { color:#ffffff; }#utbx_69ee02bc0ddf4:hover { color: #ffffff; } <\/style><div class=\"ut-highlight-icon-wrap ut-highlight-icon-effect\"><a id=\"utbx_69ee02bc0ddf4\" data-id=\"utbx_69ee02bc0ddf4\" data-hovercolor=\"#fda527\"   class=\"ut-highlight-icon fa fa-circle-thin\" href=\"#\" target=\"_self\"><\/a><\/div><div class=\"ut-service-icon-box-content\"><h3>Direito penal, incluindo o direito penal de menores<\/h3><p><\/p><\/div><\/div><\/div>[\/vc_column][vc_column width=&#8221;1\/3&#8243;]<div class=\"wpb_content_element \"><div id=\"utbx_o_69ee02bc0dee7\" class=\"ut-service-icon-box  clearfix  ut-service-icon-box-center\"><style type=\"text\/css\" scoped>#utbx_69ee02bc0deb0 { background:#fda527; }#utbx_69ee02bc0deb0:hover { background: #fda527; } #utbx_69ee02bc0deb0:after { box-shadow: 0 0 0 4px #fda527; } #utbx_o_69ee02bc0dee7 h3 { color:#fda527 !important; }#utbx_o_69ee02bc0dee7 p { color:#fda527 !important; }#utbx_69ee02bc0deb0 { color:#ffffff; }#utbx_69ee02bc0deb0:hover { color: #ffffff; } <\/style><div class=\"ut-highlight-icon-wrap ut-highlight-icon-effect\"><a id=\"utbx_69ee02bc0deb0\" data-id=\"utbx_69ee02bc0deb0\" data-hovercolor=\"#fda527\"   class=\"ut-highlight-icon fa fa-line-chart\" href=\"#\" target=\"_self\"><\/a><\/div><div class=\"ut-service-icon-box-content\"><h3>Direito penal administrativo e econ\u00f3mico<\/h3><p><\/p><\/div><\/div><\/div>[\/vc_column][\/vc_row][vc_row][vc_column width=&#8221;3\/3&#8243;]<div class=\"wpb_content_element \"><style type=\"text\/css\" scoped>#ut_header_69ee02bc0dff0 h2 span { background:#FFF; }<\/style><header id=\"ut_header_69ee02bc0dff0\" class=\"section-header pt-style-1 header-center\"><h2 class=\"section-title\"><span>Direito administrativo<\/span><\/h2><div class=\"lead\"><\/p>\n<div style=\"text-align: left;\">O direito administrativo \u00e9 o conjunto de regras que<\/div>\n<p>\n<\/div><\/header><\/div>[vc_message style=&#8221;square&#8221; message_box_color=&#8221;grey&#8221; icon_type=&#8221;openiconic&#8221; icon_openiconic=&#8221;vc-oi vc-oi-info&#8221;]O direito administrativo \u00e9 o conjunto de regras que regem a administra\u00e7\u00e3o no seu funcionamento e nas suas rela\u00e7\u00f5es com os cidad\u00e3os. \u00c9 um ramo do direito p\u00fablico que governa portanto os \u00f3rg\u00e3os que est\u00e3o encarregados de realizar as v\u00e1rias interven\u00e7\u00f5es estatais. Em outras palavras, s\u00e3o todas as regras aplic\u00e1veis \u200b\u200b\u00e0 administra\u00e7\u00e3o.[\/vc_message][\/vc_column][vc_column width=&#8221;1\/3&#8243;]<div class=\"wpb_content_element \"><div id=\"utbx_o_69ee02bc0e0c1\" class=\"ut-service-icon-box  clearfix  ut-service-icon-box-center\"><style type=\"text\/css\" scoped>#utbx_69ee02bc0e089 { background:#fda527; }#utbx_69ee02bc0e089:hover { background: #fda527; } #utbx_69ee02bc0e089:after { box-shadow: 0 0 0 4px #fda527; } #utbx_o_69ee02bc0e0c1 h3 { color:#fda527 !important; }#utbx_o_69ee02bc0e0c1 p { color:#fda527 !important; }#utbx_69ee02bc0e089 { color:#ffffff; }#utbx_69ee02bc0e089:hover { color: #ffffff; } <\/style><div class=\"ut-highlight-icon-wrap ut-highlight-icon-effect\"><a id=\"utbx_69ee02bc0e089\" data-id=\"utbx_69ee02bc0e089\" data-hovercolor=\"#fda527\"   class=\"ut-highlight-icon fa fa-pencil\" href=\"#\" target=\"_self\"><\/a><\/div><div class=\"ut-service-icon-box-content\"><h3>Direito administrativo geral<\/h3><p><\/p><\/div><\/div><\/div>[vc_empty_space height=&#8221;20px&#8221;]<div class=\"wpb_content_element \"><div id=\"utbx_o_69ee02bc0e17d\" class=\"ut-service-icon-box  clearfix  ut-service-icon-box-center\"><style type=\"text\/css\" scoped>#utbx_69ee02bc0e146 { background:#fda527; }#utbx_69ee02bc0e146:hover { background: #fda527; } #utbx_69ee02bc0e146:after { box-shadow: 0 0 0 4px #fda527; } #utbx_o_69ee02bc0e17d h3 { color:#fda527 !important; }#utbx_o_69ee02bc0e17d p { color:#fda527 !important; }#utbx_69ee02bc0e146 { color:#ffffff; }#utbx_69ee02bc0e146:hover { color: #ffffff; } <\/style><div class=\"ut-highlight-icon-wrap ut-highlight-icon-effect\"><a id=\"utbx_69ee02bc0e146\" data-id=\"utbx_69ee02bc0e146\" data-hovercolor=\"#fda527\"   class=\"ut-highlight-icon fa fa-picture-o\" href=\"#\" target=\"_self\"><\/a><\/div><div class=\"ut-service-icon-box-content\"><h3>Direito de planeamento urbano e ordenamento do territ\u00f3rio<\/h3><p><\/p><\/div><\/div><\/div><div class=\"wpb_content_element \"><div id=\"utbx_o_69ee02bc0e232\" class=\"ut-service-icon-box  clearfix  ut-service-icon-box-center\"><style type=\"text\/css\" scoped>#utbx_69ee02bc0e1fb { background:#fda527; }#utbx_69ee02bc0e1fb:hover { background: #fda527; } #utbx_69ee02bc0e1fb:after { box-shadow: 0 0 0 4px #fda527; } #utbx_o_69ee02bc0e232 h3 { color:#fda527 !important; }#utbx_o_69ee02bc0e232 p { color:#fda527 !important; }#utbx_69ee02bc0e1fb { color:#ffffff; }#utbx_69ee02bc0e1fb:hover { color: #ffffff; } <\/style><div class=\"ut-highlight-icon-wrap ut-highlight-icon-effect\"><a id=\"utbx_69ee02bc0e1fb\" data-id=\"utbx_69ee02bc0e1fb\" data-hovercolor=\"#fda527\"   class=\"ut-highlight-icon fa fa-file-text-o\" href=\"#\" target=\"_self\"><\/a><\/div><div class=\"ut-service-icon-box-content\"><h3>Direito de seguran\u00e7a social<\/h3><p><\/p><\/div><\/div><\/div>[\/vc_column][vc_column width=&#8221;1\/3&#8243;]<div class=\"wpb_content_element \"><div id=\"utbx_o_69ee02bc0e2e3\" class=\"ut-service-icon-box  clearfix  ut-service-icon-box-center\"><style type=\"text\/css\" scoped>#utbx_69ee02bc0e2ac { background:#fda527; }#utbx_69ee02bc0e2ac:hover { background: #fda527; } #utbx_69ee02bc0e2ac:after { box-shadow: 0 0 0 4px #fda527; } #utbx_o_69ee02bc0e2e3 h3 { color:#000000 !important; }#utbx_o_69ee02bc0e2e3 p { color:#000000 !important; }#utbx_69ee02bc0e2ac { color:#ffffff; }#utbx_69ee02bc0e2ac:hover { color: #ffffff; } <\/style><div class=\"ut-highlight-icon-wrap ut-highlight-icon-effect\"><a id=\"utbx_69ee02bc0e2ac\" data-id=\"utbx_69ee02bc0e2ac\" data-hovercolor=\"#fda527\"   class=\"ut-highlight-icon fa fa-road\" href=\"#\" target=\"_self\"><\/a><\/div><div class=\"ut-service-icon-box-content\"><h3>Direito de circula\u00e7\u00e3o rodovi\u00e1ria<\/h3><p><\/p><\/div><\/div><\/div>[vc_empty_space height=&#8221;20px&#8221;]<div class=\"wpb_content_element \"><div id=\"utbx_o_69ee02bc0e391\" class=\"ut-service-icon-box  clearfix  ut-service-icon-box-center\"><style type=\"text\/css\" scoped>#utbx_69ee02bc0e35a { background:#fda527; }#utbx_69ee02bc0e35a:hover { background: #fda527; } #utbx_69ee02bc0e35a:after { box-shadow: 0 0 0 4px #fda527; } #utbx_o_69ee02bc0e391 h3 { color:#000000 !important; }#utbx_o_69ee02bc0e391 p { color:#000000 !important; }#utbx_69ee02bc0e35a { color:#ffffff; }#utbx_69ee02bc0e35a:hover { color: #ffffff; } <\/style><div class=\"ut-highlight-icon-wrap ut-highlight-icon-effect\"><a id=\"utbx_69ee02bc0e35a\" data-id=\"utbx_69ee02bc0e35a\" data-hovercolor=\"#fda527\"   class=\"ut-highlight-icon fa fa-globe\" href=\"#\" target=\"_self\"><\/a><\/div><div class=\"ut-service-icon-box-content\"><h3>Direito dos estrangeiros<\/h3><p><\/p><\/div><\/div><\/div><div class=\"wpb_content_element \"><div id=\"utbx_o_69ee02bc0e43f\" class=\"ut-service-icon-box  clearfix  ut-service-icon-box-center\"><style type=\"text\/css\" scoped>#utbx_69ee02bc0e408 { background:#fda527; }#utbx_69ee02bc0e408:hover { background: #fda527; } #utbx_69ee02bc0e408:after { box-shadow: 0 0 0 4px #fda527; } #utbx_o_69ee02bc0e43f h3 { color:#000000 !important; }#utbx_o_69ee02bc0e43f p { color:#000000 !important; }#utbx_69ee02bc0e408 { color:#ffffff; }#utbx_69ee02bc0e408:hover { color: #ffffff; } <\/style><div class=\"ut-highlight-icon-wrap ut-highlight-icon-effect\"><a id=\"utbx_69ee02bc0e408\" data-id=\"utbx_69ee02bc0e408\" data-hovercolor=\"#fda527\"   class=\"ut-highlight-icon fa fa-pencil-square-o\" href=\"#\" target=\"_self\"><\/a><\/div><div class=\"ut-service-icon-box-content\"><h3>Processo Administrativo<\/h3><p><\/p><\/div><\/div><\/div>[\/vc_column][vc_column width=&#8221;1\/3&#8243;]<div class=\"wpb_content_element \"><div id=\"utbx_o_69ee02bc0e4ed\" class=\"ut-service-icon-box  clearfix  ut-service-icon-box-center\"><style type=\"text\/css\" scoped>#utbx_69ee02bc0e4b6 { background:#fda527; }#utbx_69ee02bc0e4b6:hover { background: #fda527; } #utbx_69ee02bc0e4b6:after { box-shadow: 0 0 0 4px #fda527; } #utbx_o_69ee02bc0e4ed h3 { color:#fda527 !important; }#utbx_o_69ee02bc0e4ed p { color:#fda527 !important; }#utbx_69ee02bc0e4b6 { color:#ffffff; }#utbx_69ee02bc0e4b6:hover { color: #ffffff; } <\/style><div class=\"ut-highlight-icon-wrap ut-highlight-icon-effect\"><a id=\"utbx_69ee02bc0e4b6\" data-id=\"utbx_69ee02bc0e4b6\" data-hovercolor=\"#fda527\"   class=\"ut-highlight-icon fa fa-home\" href=\"#\" target=\"_self\"><\/a><\/div><div class=\"ut-service-icon-box-content\"><h3>Direito da constru\u00e7\u00e3o (incluindo o procedimento de licenciamento (pedido de autoriza\u00e7\u00e3o) de constru\u00e7\u00e3o)<\/h3><p><\/p><\/div><\/div><\/div><div class=\"wpb_content_element \"><div id=\"utbx_o_69ee02bc0e597\" class=\"ut-service-icon-box  clearfix  ut-service-icon-box-center\"><style type=\"text\/css\" scoped>#utbx_69ee02bc0e560 { background:#fda527; }#utbx_69ee02bc0e560:hover { background: #fda527; } #utbx_69ee02bc0e560:after { box-shadow: 0 0 0 4px #fda527; } #utbx_o_69ee02bc0e597 h3 { color:#fda527 !important; }#utbx_o_69ee02bc0e597 p { color:#fda527 !important; }#utbx_69ee02bc0e560 { color:#ffffff; }#utbx_69ee02bc0e560:hover { color: #ffffff; } <\/style><div class=\"ut-highlight-icon-wrap ut-highlight-icon-effect\"><a id=\"utbx_69ee02bc0e560\" data-id=\"utbx_69ee02bc0e560\" data-hovercolor=\"#fda527\"   class=\"ut-highlight-icon fa fa-ambulance\" href=\"#\" target=\"_self\"><\/a><\/div><div class=\"ut-service-icon-box-content\"><h3>Direito de sa\u00fade<\/h3><p><\/p><\/div><\/div><\/div>[\/vc_column][\/vc_row]<\/p>\n","protected":false},"excerpt":{"rendered":"<p>[vc_row][vc_column width=&#8221;3\/3&#8243;][vc_message style=&#8221;square&#8221; message_box_color=&#8221;grey&#8221; icon_type=&#8221;openiconic&#8221; icon_openiconic=&#8221;vc-oi vc-oi-info&#8221;]O direito civil \u00e9 um ramo do direito privado que rege as rela\u00e7\u00f5es entre as pessoas, sejam elas pessoas f\u00edsicas ou empresas.[\/vc_message][\/vc_column][vc_column width=&#8221;1\/3&#8243;][vc_empty_space height=&#8221;70px&#8221;][\/vc_column][vc_column width=&#8221;1\/3&#8243;][\/vc_column][vc_column width=&#8221;1\/3&#8243;][vc_empty_space height=&#8221;130px&#8221;][\/vc_column][\/vc_row][vc_row][vc_column width=&#8221;3\/3&#8243;][vc_message style=&#8221;square&#8221; message_box_color=&#8221;grey&#8221; icon_type=&#8221;openiconic&#8221; icon_openiconic=&#8221;vc-oi vc-oi-info&#8221;]O direito penal \u00e9 o ramo do direito que determina as a\u00e7\u00f5es ou condutas punidas atrav\u00e9s de [&hellip;]<\/p>\n","protected":false},"author":6,"featured_media":0,"parent":0,"menu_order":0,"comment_status":"closed","ping_status":"open","template":"","meta":[],"translation":{"provider":"WPGlobus","version":"2.12.2","language":"pt","enabled_languages":["fr","pt"],"languages":{"fr":{"title":true,"content":true,"excerpt":false},"pt":{"title":true,"content":true,"excerpt":false}}},"_links":{"self":[{"href":"https:\/\/www.davidrosa-avocat.ch\/pt\/wp-json\/wp\/v2\/pages\/1893"}],"collection":[{"href":"https:\/\/www.davidrosa-avocat.ch\/pt\/wp-json\/wp\/v2\/pages"}],"about":[{"href":"https:\/\/www.davidrosa-avocat.ch\/pt\/wp-json\/wp\/v2\/types\/page"}],"author":[{"embeddable":true,"href":"https:\/\/www.davidrosa-avocat.ch\/pt\/wp-json\/wp\/v2\/users\/6"}],"replies":[{"embeddable":true,"href":"https:\/\/www.davidrosa-avocat.ch\/pt\/wp-json\/wp\/v2\/comments?post=1893"}],"version-history":[{"count":134,"href":"https:\/\/www.davidrosa-avocat.ch\/pt\/wp-json\/wp\/v2\/pages\/1893\/revisions"}],"predecessor-version":[{"id":5113,"href":"https:\/\/www.davidrosa-avocat.ch\/pt\/wp-json\/wp\/v2\/pages\/1893\/revisions\/5113"}],"wp:attachment":[{"href":"https:\/\/www.davidrosa-avocat.ch\/pt\/wp-json\/wp\/v2\/media?parent=1893"}],"curies":[{"name":"wp","href":"https:\/\/api.w.org\/{rel}","templated":true}]}}